{"id":4709,"date":"2018-05-31T15:06:17","date_gmt":"2018-05-31T13:06:17","guid":{"rendered":"http:\/\/bbaa.umh.es\/?page_id=4709"},"modified":"2026-02-19T10:19:33","modified_gmt":"2026-02-19T09:19:33","slug":"becas","status":"publish","type":"page","link":"https:\/\/bbaa.umh.es\/ca\/estudiantes\/becas\/","title":{"rendered":"Beques"},"content":{"rendered":"<p><span dir=\"auto\" style=\"vertical-align: inherit\"><span dir=\"auto\" style=\"vertical-align: inherit\">Per tal de garantir el dret de totes les persones a cursar estudis universitaris, el Ministeri d&#8217;Educaci\u00f3 i Formaci\u00f3 Professional, la Conselleria d&#8217;Innovaci\u00f3, Universitats, Ci\u00e8ncia i Societat Digital i la mateixa Universitat Miguel Hern\u00e1ndez d&#8217;Elx convoquen diferents beques i ajuts. Podeu consultar informaci\u00f3 al respecte a la p\u00e0gina web del Servei de Gesti\u00f3 d&#8217;Estudis:<\/span><\/span><\/p>\n<ul>\n<li><a href=\"https:\/\/estudios.umh.es\/\" target=\"_blank\" rel=\"noopener noreferrer\"><span dir=\"auto\" style=\"vertical-align: inherit\"><span dir=\"auto\" style=\"vertical-align: inherit\">https:\/\/estudios.umh.es\/<\/span><\/span><\/a><\/li>\n<\/ul>\n<p><span dir=\"auto\" style=\"vertical-align: inherit\"><span dir=\"auto\" style=\"vertical-align: inherit\">Les Facultat de Belles Arts posa a disposici\u00f3 del seu alumnat les convocat\u00f2ries seg\u00fcents:<\/span><\/span><\/p>\n<ul>\n<li><a href=\"https:\/\/bbaa.umh.es\/becas\/continuitas\/\"><span dir=\"auto\" style=\"vertical-align: inherit\"><span dir=\"auto\" style=\"vertical-align: inherit\">Programa Llic\u00e8ncia Continu\u00eftes<\/span><\/span><\/a><span dir=\"auto\" style=\"vertical-align: inherit\"><span dir=\"auto\" style=\"vertical-align: inherit\"> , l&#8217;objecte del qual \u00e9s mantenir el contacte amb el seu estudiantat egressat, donar suport a la seva carrera art\u00edstica professional i facilitar la seva producci\u00f3 actual, oferint als qui participin al programa la possibilitat de treballar als tallers de la Facultat de Belles Arts.<\/span><\/span><\/li>\n<li><a href=\"https:\/\/bbaa.umh.es\/estudiantes\/becas\/beca-mordida\/\"><span dir=\"auto\" style=\"vertical-align: inherit\"><span dir=\"auto\" style=\"vertical-align: inherit\">Beca MOSSEGA<\/span><\/span><\/a><span dir=\"auto\" style=\"vertical-align: inherit\"><span dir=\"auto\" style=\"vertical-align: inherit\"> . Beca de Producci\u00f3 d\u00b4Obra Gr\u00e0fica.<\/span><\/span><\/li>\n<li><a href=\"https:\/\/bbaa.umh.es\/estudiantes\/becas\/beca-boomerang\/\"><span dir=\"auto\" style=\"vertical-align: inherit\"><span dir=\"auto\" style=\"vertical-align: inherit\">Beca Boomerang<\/span><\/span><\/a><span dir=\"auto\" style=\"vertical-align: inherit\"><span dir=\"auto\" style=\"vertical-align: inherit\"> . Beca de producci\u00f3 art\u00edstica d&#8217;antics i antigues estudiants de la Facultat de Belles Arts d&#8217;Altea.<\/span><\/span><\/li>\n<li><a href=\"https:\/\/bbaa.umh.es\/estudiantes\/becas\/convocatoria-adoras-sika-umh\/\"><span dir=\"auto\" style=\"vertical-align: inherit\"><span dir=\"auto\" style=\"vertical-align: inherit\">Convocat\u00f2ria ADORES-SIKA-UMH<\/span><\/span><\/a><span dir=\"auto\" style=\"vertical-align: inherit\"><span dir=\"auto\" style=\"vertical-align: inherit\"> . Es tracta de la selecci\u00f3 d&#8217;un disseny de projecte escult\u00f2ric per a la realitzaci\u00f3 d&#8217;una pe\u00e7a que ser\u00e0 produ\u00efda amb tecnologia d&#8217;impressi\u00f3 3D de gran format i que anir\u00e0 situada al Residencial Allonbay Village Alba al terme de la Vila Joiosa (Alacant).<\/span><\/span><\/li>\n<\/ul>\n<p><\/p>","protected":false},"excerpt":{"rendered":"<p>Per tal de garantir el dret de totes les persones a cursar estudis universitaris, el Ministeri d&#8217;Educaci\u00f3 i Formaci\u00f3 Professional, la Conselleria d&#8217;Innovaci\u00f3, Universitats, Ci\u00e8ncia i Societat Digital i la mateixa Universitat Miguel Hern\u00e1ndez d&#8217;Elx convoquen diferents beques i ajuts. Podeu consultar informaci\u00f3 al respecte a la p\u00e0gina web del Servei de Gesti\u00f3 d&#8217;Estudis:<\/p>\n<p>https:\/\/estudios.umh.es\/<\/p>\n<p>Les Facultat [&#8230;]<\/p>\n","protected":false},"author":3285,"featured_media":0,"parent":8103,"menu_order":11,"comment_status":"closed","ping_status":"closed","template":"","meta":{"ngg_post_thumbnail":0,"_links_to":"","_links_to_target":""},"_links":{"self":[{"href":"https:\/\/bbaa.umh.es\/ca\/wp-json\/wp\/v2\/pages\/4709"}],"collection":[{"href":"https:\/\/bbaa.umh.es\/ca\/wp-json\/wp\/v2\/pages"}],"about":[{"href":"https:\/\/bbaa.umh.es\/ca\/wp-json\/wp\/v2\/types\/page"}],"author":[{"embeddable":true,"href":"https:\/\/bbaa.umh.es\/ca\/wp-json\/wp\/v2\/users\/3285"}],"replies":[{"embeddable":true,"href":"https:\/\/bbaa.umh.es\/ca\/wp-json\/wp\/v2\/comments?post=4709"}],"version-history":[{"count":0,"href":"https:\/\/bbaa.umh.es\/ca\/wp-json\/wp\/v2\/pages\/4709\/revisions"}],"up":[{"embeddable":true,"href":"https:\/\/bbaa.umh.es\/ca\/wp-json\/wp\/v2\/pages\/8103"}],"wp:attachment":[{"href":"https:\/\/bbaa.umh.es\/ca\/wp-json\/wp\/v2\/media?parent=4709"}],"curies":[{"name":"wp","href":"https:\/\/api.w.org\/{rel}","templated":true}]}}