{"id":1453,"date":"2015-09-21T12:59:02","date_gmt":"2015-09-21T10:59:02","guid":{"rendered":"http:\/\/bbaa.umh.es\/?page_id=1453"},"modified":"2026-02-18T09:33:57","modified_gmt":"2026-02-18T08:33:57","slug":"plan-de-emergencia","status":"publish","type":"page","link":"https:\/\/bbaa.umh.es\/ca\/presentacion\/solicitudes-y-normativas\/plan-de-emergencia\/","title":{"rendered":"Pla d&#8217;emerg\u00e8ncia"},"content":{"rendered":"<p><\/p>\n<h3><span dir=\"auto\" style=\"vertical-align: inherit\"><span dir=\"auto\" style=\"vertical-align: inherit\">Centre de Comunicacions de la Universitat Miguel Hern\u00e1ndez.<\/span><\/span><\/h3>\n<p><span dir=\"auto\" style=\"vertical-align: inherit\"><span dir=\"auto\" style=\"vertical-align: inherit\">Si fos necessari requerir ajut extern directament, trucar al <\/span><\/span><strong><span dir=\"auto\" style=\"vertical-align: inherit\"><span dir=\"auto\" style=\"vertical-align: inherit\">112<\/span><\/span><\/strong><span dir=\"auto\" style=\"vertical-align: inherit\"><span dir=\"auto\" style=\"vertical-align: inherit\"> , per\u00f2 informar quan sigui possible al tel\u00e8fon <\/span><\/span><strong><span dir=\"auto\" style=\"vertical-align: inherit\"><span dir=\"auto\" style=\"vertical-align: inherit\">96 665 86 65<\/span><\/span><\/strong><span dir=\"auto\" style=\"vertical-align: inherit\"><span dir=\"auto\" style=\"vertical-align: inherit\"> de la incid\u00e8ncia produ\u00efda i accions realitzades (per evitar duplicitats i possibilitar incrementar el suport necessari).<\/span><\/span><\/p>\n<p><span dir=\"auto\" style=\"vertical-align: inherit\"><span dir=\"auto\" style=\"vertical-align: inherit\">Per a avisos d&#8217;incidents, informaci\u00f3 i suport en emerg\u00e8ncies en l&#8217;horari d&#8217;obertura de la Universitat:<\/span><\/span><\/p>\n<ul>\n<li style=\"list-style-type: none\">\n<ul>\n<li><span dir=\"auto\" style=\"vertical-align: inherit\"><span dir=\"auto\" style=\"vertical-align: inherit\">Tel\u00e8fon: 96 665 86 65.<\/span><\/span><\/li>\n<li><span dir=\"auto\" style=\"vertical-align: inherit\"><span dir=\"auto\" style=\"vertical-align: inherit\">Extensi\u00f3: 8665.<\/span><\/span><\/li>\n<\/ul>\n<\/li>\n<\/ul>\n<p><span dir=\"auto\" style=\"vertical-align: inherit\"><span dir=\"auto\" style=\"vertical-align: inherit\">Al Centre de Comunicacions es disposa de:<\/span><\/span><\/p>\n<ol>\n<li><span dir=\"auto\" style=\"vertical-align: inherit\"><span dir=\"auto\" style=\"vertical-align: inherit\">D&#8217;instruccions per reaccionar, orientar, donar suport i informar del tractament de l&#8217;emerg\u00e8ncia.<\/span><\/span><\/li>\n<li><span dir=\"auto\" style=\"vertical-align: inherit\"><span dir=\"auto\" style=\"vertical-align: inherit\">Tel\u00e8fons dels components dels diferents equips d&#8217;emerg\u00e8ncia que poden actuar i, si escau, de les autoritats universit\u00e0ries que hagin de prendre la decisi\u00f3 o ser informades de la incid\u00e8ncia o emerg\u00e8ncia presentada.<\/span><\/span><\/li>\n<\/ol>\n<p><span dir=\"auto\" style=\"vertical-align: inherit\"><span dir=\"auto\" style=\"vertical-align: inherit\">Si no podeu trucar per tel\u00e8fon, acudiu o contacteu amb la Consergeria o amb el personal de seguretat.<\/span><\/span><\/p>\n<p><span style=\"color: #000000\"><span dir=\"auto\" style=\"vertical-align: inherit\"><span dir=\"auto\" style=\"vertical-align: inherit\">En <\/span><\/span><strong><span dir=\"auto\" style=\"vertical-align: inherit\"><span dir=\"auto\" style=\"vertical-align: inherit\">horari nocturn<\/span><\/span><\/strong><span dir=\"auto\" style=\"vertical-align: inherit\"><span dir=\"auto\" style=\"vertical-align: inherit\"> o <\/span><\/span><strong><span dir=\"auto\" style=\"vertical-align: inherit\"><span dir=\"auto\" style=\"vertical-align: inherit\">en festius<\/span><\/span><\/strong><span dir=\"auto\" style=\"vertical-align: inherit\"><span dir=\"auto\" style=\"vertical-align: inherit\"> at\u00e9n el <\/span><\/span><strong><span dir=\"auto\" style=\"vertical-align: inherit\"><span dir=\"auto\" style=\"vertical-align: inherit\">Centre de Control de Seguretat<\/span><\/span><\/strong><span dir=\"auto\" style=\"vertical-align: inherit\"><span dir=\"auto\" style=\"vertical-align: inherit\"> de la Universitat:<\/span><\/span><\/span><\/p>\n<ul>\n<li><span dir=\"auto\" style=\"vertical-align: inherit\"><span dir=\"auto\" style=\"vertical-align: inherit\">Tel\u00e8fon: 96 665 89 49.<\/span><\/span><\/li>\n<li><span dir=\"auto\" style=\"vertical-align: inherit\"><span dir=\"auto\" style=\"vertical-align: inherit\">Extensi\u00f3: 8949.<\/span><\/span><\/li>\n<\/ul>\n<h3><span dir=\"auto\" style=\"vertical-align: inherit\"><span dir=\"auto\" style=\"vertical-align: inherit\">Pla d&#8217;emerg\u00e8ncia.<\/span><\/span><\/h3>\n<p><span dir=\"auto\" style=\"vertical-align: inherit\"><span dir=\"auto\" style=\"vertical-align: inherit\">El pla d&#8217;emerg\u00e8ncia que es descriu en aquest bloc, amb documents diferents, respon al desenvolupament efectuat d&#8217;acord amb l&#8217;article 20 de la LPRL.<\/span><\/span><\/p>\n<p><span dir=\"auto\" style=\"vertical-align: inherit\"><span dir=\"auto\" style=\"vertical-align: inherit\">Textualment aquesta indica:<\/span><\/span><\/p>\n<div class=\"parrafo\">\n<p><span style=\"color: #000000\"><span dir=\"auto\" style=\"vertical-align: inherit\"><span dir=\"auto\" style=\"vertical-align: inherit\">Article 20: Mesures d&#8217;emerg\u00e8ncia<\/span><\/span><\/span><\/p>\n<p><span dir=\"auto\" style=\"vertical-align: inherit\"><span dir=\"auto\" style=\"vertical-align: inherit\">L&#8217;empresari, tenint en compte la grand\u00e0ria i l&#8217;activitat de l&#8217;empresa, aix\u00ed com la possible pres\u00e8ncia de persones alienes a la mateixa, ha d&#8217;analitzar les possibles situacions d&#8217;emerg\u00e8ncia i adoptar les mesures necess\u00e0ries en mat\u00e8ria de primers auxilis, lluita contra incendis i evacuaci\u00f3 dels treballadors, designant per aix\u00f2 el personal encarregat de posar en pr\u00e0ctica aquestes mesures i comprovar-ne peri\u00f2dicament. El personal esmentat haur\u00e0 de posseir la formaci\u00f3 necess\u00e0ria, ser suficient en nombre i disposar del material adequat, en funci\u00f3 de les circumst\u00e0ncies abans assenyalades.<\/span><\/span><\/p>\n<p><span dir=\"auto\" style=\"vertical-align: inherit\"><span dir=\"auto\" style=\"vertical-align: inherit\">Per aplicar les mesures adoptades, l&#8217;empresari ha d&#8217;organitzar les relacions que siguin necess\u00e0ries amb serveis externs a l&#8217;empresa, en particular en mat\u00e8ria de primers auxilis, assist\u00e8ncia m\u00e8dica d&#8217;urg\u00e8ncia, salvament i lluita contra incendis, de manera que en quedi garantida la rapidesa i l&#8217;efic\u00e0cia.<\/span><\/span><\/p>\n<div><span dir=\"auto\" style=\"vertical-align: inherit\"><span dir=\"auto\" style=\"vertical-align: inherit\">L&#8217;aplicaci\u00f3 del pla d&#8217;emerg\u00e8ncia desenvolupat constitueix el cap\u00edtol 6 (procediment operatiu) del manual d&#8217;autoprotecci\u00f3 segons el RD 393\/2007:<\/span><\/span><\/div>\n<ul>\n<li><a href=\"https:\/\/prevencion.umh.es\/plan-de-emergencia\/manual-de-autoproteccion\/\"><span dir=\"auto\" style=\"vertical-align: inherit\"><span dir=\"auto\" style=\"vertical-align: inherit\">Manual d&#8217;autoprotecci\u00f3.<\/span><\/span><\/a><\/li>\n<li><a href=\"https:\/\/prevencion.umh.es\/plan-de-emergencia\/manual-medidas-de-emergencia-procedimiento-operativo\/\"><span dir=\"auto\" style=\"vertical-align: inherit\"><span dir=\"auto\" style=\"vertical-align: inherit\">Manual mesures d&#8217;emerg\u00e8ncia<\/span><\/span><\/a><span dir=\"auto\" style=\"vertical-align: inherit\"><span dir=\"auto\" style=\"vertical-align: inherit\"> (procediment operatiu).<\/span><\/span><\/li>\n<li><a href=\"https:\/\/prevencion.umh.es\/plan-de-emergencia\/04-telefonos-de-interes\/\"><span dir=\"auto\" style=\"vertical-align: inherit\"><span dir=\"auto\" style=\"vertical-align: inherit\">Tel\u00e8fon d\u00b4emerg\u00e8ncia de la Universitat.<\/span><\/span><\/a><\/li>\n<li><a href=\"https:\/\/prevencion.umh.es\/plan-de-emergencia\/03-equipos-de-emergencia-por-campus\/\"><span dir=\"auto\" style=\"vertical-align: inherit\"><span dir=\"auto\" style=\"vertical-align: inherit\">Equips d&#8217;emerg\u00e8ncia per Campus<\/span><\/span><\/a><span dir=\"auto\" style=\"vertical-align: inherit\"><span dir=\"auto\" style=\"vertical-align: inherit\"> .<\/span><\/span><\/li>\n<li><a href=\"https:\/\/prevencion.umh.es\/plan-de-emergencia\/resumen-actuaciones-equipo-de-emergencia-plan-de-emergencia\/\"><span dir=\"auto\" style=\"vertical-align: inherit\"><span dir=\"auto\" style=\"vertical-align: inherit\">Resum d&#8217;actuacions Pla d&#8217;emerg\u00e8ncia<\/span><\/span><\/a><span dir=\"auto\" style=\"vertical-align: inherit\"><span dir=\"auto\" style=\"vertical-align: inherit\"> .<\/span><\/span><\/li>\n<li><a href=\"https:\/\/prevencion.umh.es\/plan-de-emergencia\/procedimiento-de-actualizacion-del-plan-procedimiento-de-actualizacion-del-plan\/\"><span dir=\"auto\" style=\"vertical-align: inherit\"><span dir=\"auto\" style=\"vertical-align: inherit\">Procediment d&#8217;actualitzaci\u00f3<\/span><\/span><\/a><span dir=\"auto\" style=\"vertical-align: inherit\"><span dir=\"auto\" style=\"vertical-align: inherit\"> .<\/span><\/span><\/li>\n<li><a href=\"https:\/\/prevencion.umh.es\/plan-de-emergencia\/trat-emergencia-actos-extraordinarios\/\"><span dir=\"auto\" style=\"vertical-align: inherit\"><span dir=\"auto\" style=\"vertical-align: inherit\">Tractament de l&#8217;emerg\u00e8ncia per a actes extraordinaris.<\/span><\/span><\/a><\/li>\n<\/ul>\n<\/div>\n<p><\/p>","protected":false},"excerpt":{"rendered":"<p>Centre de Comunicacions de la Universitat Miguel Hern\u00e1ndez.<br \/>\nSi fos necessari requerir ajut extern directament, trucar al 112 , per\u00f2 informar quan sigui possible al tel\u00e8fon 96 665 86 65 de la incid\u00e8ncia produ\u00efda i accions realitzades (per evitar duplicitats i possibilitar incrementar el suport necessari).<br \/>\nPer a avisos d&#8217;incidents, informaci\u00f3 i suport en emerg\u00e8ncies en l&#8217;horari [&#8230;]<\/p>\n","protected":false},"author":1094,"featured_media":0,"parent":84,"menu_order":5,"comment_status":"closed","ping_status":"closed","template":"","meta":{"ngg_post_thumbnail":0,"_links_to":"","_links_to_target":""},"_links":{"self":[{"href":"https:\/\/bbaa.umh.es\/ca\/wp-json\/wp\/v2\/pages\/1453"}],"collection":[{"href":"https:\/\/bbaa.umh.es\/ca\/wp-json\/wp\/v2\/pages"}],"about":[{"href":"https:\/\/bbaa.umh.es\/ca\/wp-json\/wp\/v2\/types\/page"}],"author":[{"embeddable":true,"href":"https:\/\/bbaa.umh.es\/ca\/wp-json\/wp\/v2\/users\/1094"}],"replies":[{"embeddable":true,"href":"https:\/\/bbaa.umh.es\/ca\/wp-json\/wp\/v2\/comments?post=1453"}],"version-history":[{"count":0,"href":"https:\/\/bbaa.umh.es\/ca\/wp-json\/wp\/v2\/pages\/1453\/revisions"}],"up":[{"embeddable":true,"href":"https:\/\/bbaa.umh.es\/ca\/wp-json\/wp\/v2\/pages\/84"}],"wp:attachment":[{"href":"https:\/\/bbaa.umh.es\/ca\/wp-json\/wp\/v2\/media?parent=1453"}],"curies":[{"name":"wp","href":"https:\/\/api.w.org\/{rel}","templated":true}]}}